{"id":2735,"date":"2023-07-28T12:48:30","date_gmt":"2023-07-28T10:48:30","guid":{"rendered":"https:\/\/apartamentosconencanto.com\/quienes-somos\/"},"modified":"2024-01-09T16:28:56","modified_gmt":"2024-01-09T15:28:56","slug":"quienes-somos","status":"publish","type":"page","link":"https:\/\/apartamentosconencanto.com\/en\/quienes-somos\/","title":{"rendered":"Who we are, know our history"},"content":{"rendered":"\t\t<div data-elementor-type=\"wp-post\" data-elementor-id=\"2735\" class=\"elementor elementor-2735 elementor-163\" data-elementor-post-type=\"page\">\n\t\t\t\t<div class=\"elementor-element elementor-element-b7a71ba e-flex e-con-boxed e-con e-parent\" data-id=\"b7a71ba\" data-element_type=\"container\">\n\t\t\t\t\t<div class=\"e-con-inner\">\n\t\t<div class=\"elementor-element elementor-element-7f802d1 e-flex e-con-boxed e-con e-child\" data-id=\"7f802d1\" data-element_type=\"container\">\n\t\t\t\t\t<div class=\"e-con-inner\">\n\t\t\t\t<div class=\"elementor-element elementor-element-65610a0 no-margin elementor-widget elementor-widget-heading\" data-id=\"65610a0\" data-element_type=\"widget\" data-widget_type=\"heading.default\">\n\t\t\t\t<div class=\"elementor-widget-container\">\n\t\t\t<h2 class=\"elementor-heading-title elementor-size-default\"><font face=\"Arial, sans-serif\"><b>RESTS IN THE HEART OF LA RIOJA ALTA<\/b><\/font><p dir=\"ltr\" style=\"line-height: 1.38; margin-top: 12pt; margin-bottom: 12pt;\"><\/p><\/h2>\t\t<\/div>\n\t\t\t\t<\/div>\n\t\t\t\t<div class=\"elementor-element elementor-element-cb2ef35 no-margin elementor-widget elementor-widget-heading\" data-id=\"cb2ef35\" data-element_type=\"widget\" data-widget_type=\"heading.default\">\n\t\t\t\t<div class=\"elementor-widget-container\">\n\t\t\t<h3 class=\"elementor-heading-title elementor-size-large\">Our mission is to turn our customers' experience in Haro into an unforgettable memory.<\/h3>\t\t<\/div>\n\t\t\t\t<\/div>\n\t\t\t\t<div class=\"elementor-element elementor-element-9bb6d6d elementor-widget__width-initial elementor-widget elementor-widget-text-editor\" data-id=\"9bb6d6d\" data-element_type=\"widget\" data-widget_type=\"text-editor.default\">\n\t\t\t\t<div class=\"elementor-widget-container\">\n\t\t\t\t\t\t\t<p><span style=\"font-weight:normal;\" id=\"docs-internal-guid-30f19318-7fff-c639-3ed9-b8b57d12bd3b\"><span style=\"font-size: 14pt; font-family: Arial, sans-serif; color: rgb(0, 0, 0); background-color: transparent; font-weight: 400; font-style: normal; font-variant: normal; white-space-collapse: preserve;\"><strong>The Se\u00f1or\u00edo de Haro Apartments were born out of a dream<\/strong>The result of the illusion of two sisters who in early 2017 arrived in the capital of La Rioja Alta in love with its culture, its wine, its gastronomy and its people.<\/p>\n<p><span style=\"font-weight:normal;\" id=\"docs-internal-guid-30f19318-7fff-c639-3ed9-b8b57d12bd3b\"><span style=\"font-size: 14pt; font-family: Arial, sans-serif; color: rgb(0, 0, 0); background-color: transparent; font-weight: 400; font-style: normal; font-variant: normal; white-space-collapse: preserve;\">At Se\u00f1or\u00edo de Haro, in addition to running tourist apartments where we  <strong>we offer a first class stay<\/strong>; we want to make your experience in La Rioja, together with your partner, friends and family, an unforgettable memory.<\/p>\n<p><span style=\"font-weight:normal;\" id=\"docs-internal-guid-30f19318-7fff-c639-3ed9-b8b57d12bd3b\"><span style=\"font-size: 14pt; font-family: Arial, sans-serif; color: rgb(0, 0, 0); background-color: transparent; font-weight: 400; font-style: normal; font-variant: normal; white-space-collapse: preserve;\"><strong>We want you to feel at home, to share your experience in La Rioja with the ones you love the most and to enjoy unique experiences.<\/strong>. We even have the capacity to accommodate up to 94 people simultaneously; so large celebrations, congress attendees or participants of special events are welcome.\n<\/p>\t\t\t\t\t\t<\/div>\n\t\t\t\t<\/div>\n\t\t\t\t\t<\/div>\n\t\t\t\t<\/div>\n\t\t\t\t\t<\/div>\n\t\t\t\t<\/div>\n\t\t\t\t<section class=\"elementor-section elementor-top-section elementor-element elementor-element-eqisfpd elementor-section-boxed elementor-section-height-default elementor-section-height-default\" data-id=\"eqisfpd\" data-element_type=\"section\">\n\t\t\t\t\t\t<div class=\"elementor-container elementor-column-gap-no\">\n\t\t\t\t\t<div class=\"elementor-column elementor-col-66 elementor-top-column elementor-element elementor-element-modfzay\" data-id=\"modfzay\" data-element_type=\"column\">\n\t\t\t<div class=\"elementor-widget-wrap elementor-element-populated\">\n\t\t\t\t\t\t<div class=\"elementor-element elementor-element-9be30cd elementor-widget elementor-widget-text-editor\" data-id=\"9be30cd\" data-element_type=\"widget\" data-widget_type=\"text-editor.default\">\n\t\t\t\t<div class=\"elementor-widget-container\">\n\t\t\t\t\t\t\t<h3><strong>LIVING, DREAMING, FEELING LA RIOJA<\/strong><\/h3>\n<p><font color=\"#000000\" face=\"Arial, sans-serif\"><span style=\"font-size: 18.6667px; white-space-collapse: preserve;\">Gastronomy and enology;\nNature activities and sports;\nIncredible landscapes, culture and tradition;\nExperiences and fun with family, friends and couples.<\/span><\/font><br><\/p>\t\t\t\t\t\t<\/div>\n\t\t\t\t<\/div>\n\t\t\t\t<div class=\"elementor-element elementor-element-10456f5 elementor-widget elementor-widget-text-editor\" data-id=\"10456f5\" data-element_type=\"widget\" data-widget_type=\"text-editor.default\">\n\t\t\t\t<div class=\"elementor-widget-container\">\n\t\t\t\t\t\t\t<p><font color=\"#000000\" face=\"Arial, sans-serif\"><span style=\"font-size: 18.6667px; white-space-collapse: preserve;\"><b>We devised and created rooms in the heart of Haro, with a Vintage air and a small tribute to the Riojan tradition<\/b>. Our guests feel the essence of this land from the first minute, just as we two felt it that spring of 2017.<\/span><\/font><br><\/p>\n<p><font color=\"#000000\" face=\"Arial, sans-serif\"><span style=\"font-size: 18.6667px; white-space-collapse: preserve;\">If you want information about our <b>apartments, activities that you can do during your stay in Haro<\/b>, or if you have any special request\/suggestion, do not hesitate to contact us and we will attend you immediately.<\/span><\/font><br><\/p>\n<p align=\"center\" ;=\"\" style=\"\"><font color=\"#b60638\" face=\"Arial, sans-serif\"><span style=\"font-size: 18.6667px; white-space-collapse: preserve;\"><b>Enjoy your stay in the wine capital!<\/b><\/span><\/font><br><\/p>\t\t\t\t\t\t<\/div>\n\t\t\t\t<\/div>\n\t\t\t\t\t<\/div>\n\t\t<\/div>\n\t\t\t\t<div class=\"elementor-column elementor-col-33 elementor-top-column elementor-element elementor-element-ynhdkjd\" data-id=\"ynhdkjd\" data-element_type=\"column\">\n\t\t\t<div class=\"elementor-widget-wrap elementor-element-populated\">\n\t\t\t\t\t\t<div class=\"elementor-element elementor-element-57f3f6f elementor-widget elementor-widget-image\" data-id=\"57f3f6f\" data-element_type=\"widget\" data-widget_type=\"image.default\">\n\t\t\t\t<div class=\"elementor-widget-container\">\n\t\t\t\t\t\t\t\t\t\t\t\t\t<img fetchpriority=\"high\" decoding=\"async\" width=\"600\" height=\"600\" src=\"https:\/\/apartamentosconencanto.com\/wp-content\/uploads\/2023\/07\/page-quienes-somos.jpg\" class=\"attachment-full size-full wp-image-1567\" alt=\"Paisaje de La Rioja\" srcset=\"https:\/\/apartamentosconencanto.com\/wp-content\/uploads\/2023\/07\/page-quienes-somos.jpg 600w, https:\/\/apartamentosconencanto.com\/wp-content\/uploads\/2023\/07\/page-quienes-somos-300x300.jpg 300w, https:\/\/apartamentosconencanto.com\/wp-content\/uploads\/2023\/07\/page-quienes-somos-150x150.jpg 150w\" sizes=\"(max-width: 600px) 100vw, 600px\" \/>\t\t\t\t\t\t\t\t\t\t\t\t\t<\/div>\n\t\t\t\t<\/div>\n\t\t\t\t\t<\/div>\n\t\t<\/div>\n\t\t\t\t\t<\/div>\n\t\t<\/section>\n\t\t\t\t<\/div>\n\t\t","protected":false},"excerpt":{"rendered":"<p>RESTS IN THE HEART OF LA RIOJA ALTA Our mission is to turn our customers&#8217; experience in Haro into an unforgettable memory. The Se\u00f1or\u00edo de Haro Apartments were born out of a dreamThe result of the illusion of two sisters who in early 2017 arrived in the capital of La Rioja Alta in love with [&hellip;]<\/p>\n","protected":false},"author":4,"featured_media":0,"parent":0,"menu_order":0,"comment_status":"closed","ping_status":"closed","template":"","meta":[],"acf":[],"yoast_head":"<!-- This site is optimized with the Yoast SEO plugin v21.5 - https:\/\/yoast.com\/wordpress\/plugins\/seo\/ -->\n<title>Who we are, know our history - Apartamentos Se\u00f1or\u00edo de Haro 3000<\/title>\n<meta name=\"description\" content=\"Rest in the heart of La Rioja Alta in our flats and accommodation in Haro. Get to know our history and love for this land.\" \/>\n<meta name=\"robots\" content=\"index, follow, max-snippet:-1, max-image-preview:large, max-video-preview:-1\" \/>\n<link rel=\"canonical\" href=\"https:\/\/apartamentosconencanto.com\/en\/quienes-somos\/\" \/>\n<meta property=\"og:locale\" content=\"en_US\" \/>\n<meta property=\"og:type\" content=\"article\" \/>\n<meta property=\"og:title\" content=\"Who we are, know our history - Apartamentos Se\u00f1or\u00edo de Haro 3000\" \/>\n<meta property=\"og:description\" content=\"Rest in the heart of La Rioja Alta in our flats and accommodation in Haro. Get to know our history and love for this land.\" \/>\n<meta property=\"og:url\" content=\"https:\/\/apartamentosconencanto.com\/en\/quienes-somos\/\" \/>\n<meta property=\"og:site_name\" content=\"Apartamentos Se\u00f1or\u00edo de Haro 3000\" \/>\n<meta property=\"article:publisher\" content=\"https:\/\/www.facebook.com\/apartamentosconencanto\" \/>\n<meta property=\"article:modified_time\" content=\"2024-01-09T15:28:56+00:00\" \/>\n<meta property=\"og:image\" content=\"https:\/\/apartamentosconencanto.com\/wp-content\/uploads\/2023\/07\/page-quienes-somos.jpg\" \/>\n<meta name=\"twitter:card\" content=\"summary_large_image\" \/>\n<meta name=\"twitter:site\" content=\"@aptosconencanto\" \/>\n<meta name=\"twitter:label1\" content=\"Est. reading time\" \/>\n\t<meta name=\"twitter:data1\" content=\"2 minutes\" \/>\n<script type=\"application\/ld+json\" class=\"yoast-schema-graph\">{\"@context\":\"https:\/\/schema.org\",\"@graph\":[{\"@type\":\"WebPage\",\"@id\":\"https:\/\/apartamentosconencanto.com\/en\/quienes-somos\/\",\"url\":\"https:\/\/apartamentosconencanto.com\/en\/quienes-somos\/\",\"name\":\"Who we are, know our history - Apartamentos Se\u00f1or\u00edo de Haro 3000\",\"isPartOf\":{\"@id\":\"https:\/\/apartamentosconencanto.com\/en\/#website\"},\"datePublished\":\"2023-07-28T10:48:30+00:00\",\"dateModified\":\"2024-01-09T15:28:56+00:00\",\"description\":\"Rest in the heart of La Rioja Alta in our flats and accommodation in Haro. Get to know our history and love for this land.\",\"inLanguage\":\"en-US\",\"potentialAction\":[{\"@type\":\"ReadAction\",\"target\":[\"https:\/\/apartamentosconencanto.com\/en\/quienes-somos\/\"]}]},{\"@type\":\"WebSite\",\"@id\":\"https:\/\/apartamentosconencanto.com\/en\/#website\",\"url\":\"https:\/\/apartamentosconencanto.com\/en\/\",\"name\":\"Apartamentos Se\u00f1or\u00edo de Haro 3000\",\"description\":\"Apartamentos tur\u00edsticos en Haro\",\"publisher\":{\"@id\":\"https:\/\/apartamentosconencanto.com\/en\/#organization\"},\"potentialAction\":[{\"@type\":\"SearchAction\",\"target\":{\"@type\":\"EntryPoint\",\"urlTemplate\":\"https:\/\/apartamentosconencanto.com\/en\/?s={search_term_string}\"},\"query-input\":\"required name=search_term_string\"}],\"inLanguage\":\"en-US\"},{\"@type\":\"Organization\",\"@id\":\"https:\/\/apartamentosconencanto.com\/en\/#organization\",\"name\":\"Apartamentos Se\u00f1or\u00edo de Haro 3000\",\"url\":\"https:\/\/apartamentosconencanto.com\/en\/\",\"logo\":{\"@type\":\"ImageObject\",\"inLanguage\":\"en-US\",\"@id\":\"https:\/\/apartamentosconencanto.com\/en\/#\/schema\/logo\/image\/\",\"url\":\"https:\/\/apartamentosconencanto.com\/wp-content\/uploads\/2017\/12\/logo-apartamentos-color-100.png\",\"contentUrl\":\"https:\/\/apartamentosconencanto.com\/wp-content\/uploads\/2017\/12\/logo-apartamentos-color-100.png\",\"width\":195,\"height\":100,\"caption\":\"Apartamentos Se\u00f1or\u00edo de Haro 3000\"},\"image\":{\"@id\":\"https:\/\/apartamentosconencanto.com\/en\/#\/schema\/logo\/image\/\"},\"sameAs\":[\"https:\/\/www.facebook.com\/apartamentosconencanto\",\"https:\/\/twitter.com\/aptosconencanto\",\"https:\/\/www.instagram.com\/apartamentosharo\/\"]}]}<\/script>\n<!-- \/ Yoast SEO plugin. -->","yoast_head_json":{"title":"Who we are, know our history - Apartamentos Se\u00f1or\u00edo de Haro 3000","description":"Rest in the heart of La Rioja Alta in our flats and accommodation in Haro. Get to know our history and love for this land.","robots":{"index":"index","follow":"follow","max-snippet":"max-snippet:-1","max-image-preview":"max-image-preview:large","max-video-preview":"max-video-preview:-1"},"canonical":"https:\/\/apartamentosconencanto.com\/en\/quienes-somos\/","og_locale":"en_US","og_type":"article","og_title":"Who we are, know our history - Apartamentos Se\u00f1or\u00edo de Haro 3000","og_description":"Rest in the heart of La Rioja Alta in our flats and accommodation in Haro. Get to know our history and love for this land.","og_url":"https:\/\/apartamentosconencanto.com\/en\/quienes-somos\/","og_site_name":"Apartamentos Se\u00f1or\u00edo de Haro 3000","article_publisher":"https:\/\/www.facebook.com\/apartamentosconencanto","article_modified_time":"2024-01-09T15:28:56+00:00","og_image":[{"url":"https:\/\/apartamentosconencanto.com\/wp-content\/uploads\/2023\/07\/page-quienes-somos.jpg"}],"twitter_card":"summary_large_image","twitter_site":"@aptosconencanto","twitter_misc":{"Est. reading time":"2 minutes"},"schema":{"@context":"https:\/\/schema.org","@graph":[{"@type":"WebPage","@id":"https:\/\/apartamentosconencanto.com\/en\/quienes-somos\/","url":"https:\/\/apartamentosconencanto.com\/en\/quienes-somos\/","name":"Who we are, know our history - Apartamentos Se\u00f1or\u00edo de Haro 3000","isPartOf":{"@id":"https:\/\/apartamentosconencanto.com\/en\/#website"},"datePublished":"2023-07-28T10:48:30+00:00","dateModified":"2024-01-09T15:28:56+00:00","description":"Rest in the heart of La Rioja Alta in our flats and accommodation in Haro. Get to know our history and love for this land.","inLanguage":"en-US","potentialAction":[{"@type":"ReadAction","target":["https:\/\/apartamentosconencanto.com\/en\/quienes-somos\/"]}]},{"@type":"WebSite","@id":"https:\/\/apartamentosconencanto.com\/en\/#website","url":"https:\/\/apartamentosconencanto.com\/en\/","name":"Apartamentos Se\u00f1or\u00edo de Haro 3000","description":"Apartamentos tur\u00edsticos en Haro","publisher":{"@id":"https:\/\/apartamentosconencanto.com\/en\/#organization"},"potentialAction":[{"@type":"SearchAction","target":{"@type":"EntryPoint","urlTemplate":"https:\/\/apartamentosconencanto.com\/en\/?s={search_term_string}"},"query-input":"required name=search_term_string"}],"inLanguage":"en-US"},{"@type":"Organization","@id":"https:\/\/apartamentosconencanto.com\/en\/#organization","name":"Apartamentos Se\u00f1or\u00edo de Haro 3000","url":"https:\/\/apartamentosconencanto.com\/en\/","logo":{"@type":"ImageObject","inLanguage":"en-US","@id":"https:\/\/apartamentosconencanto.com\/en\/#\/schema\/logo\/image\/","url":"https:\/\/apartamentosconencanto.com\/wp-content\/uploads\/2017\/12\/logo-apartamentos-color-100.png","contentUrl":"https:\/\/apartamentosconencanto.com\/wp-content\/uploads\/2017\/12\/logo-apartamentos-color-100.png","width":195,"height":100,"caption":"Apartamentos Se\u00f1or\u00edo de Haro 3000"},"image":{"@id":"https:\/\/apartamentosconencanto.com\/en\/#\/schema\/logo\/image\/"},"sameAs":["https:\/\/www.facebook.com\/apartamentosconencanto","https:\/\/twitter.com\/aptosconencanto","https:\/\/www.instagram.com\/apartamentosharo\/"]}]}},"_links":{"self":[{"href":"https:\/\/apartamentosconencanto.com\/en\/wp-json\/wp\/v2\/pages\/2735"}],"collection":[{"href":"https:\/\/apartamentosconencanto.com\/en\/wp-json\/wp\/v2\/pages"}],"about":[{"href":"https:\/\/apartamentosconencanto.com\/en\/wp-json\/wp\/v2\/types\/page"}],"author":[{"embeddable":true,"href":"https:\/\/apartamentosconencanto.com\/en\/wp-json\/wp\/v2\/users\/4"}],"replies":[{"embeddable":true,"href":"https:\/\/apartamentosconencanto.com\/en\/wp-json\/wp\/v2\/comments?post=2735"}],"version-history":[{"count":5,"href":"https:\/\/apartamentosconencanto.com\/en\/wp-json\/wp\/v2\/pages\/2735\/revisions"}],"predecessor-version":[{"id":3024,"href":"https:\/\/apartamentosconencanto.com\/en\/wp-json\/wp\/v2\/pages\/2735\/revisions\/3024"}],"wp:attachment":[{"href":"https:\/\/apartamentosconencanto.com\/en\/wp-json\/wp\/v2\/media?parent=2735"}],"curies":[{"name":"wp","href":"https:\/\/api.w.org\/{rel}","templated":true}]}}